{"id":2598,"date":"2024-05-29T14:46:53","date_gmt":"2024-05-29T12:46:53","guid":{"rendered":"https:\/\/richter-aluminium.kopfmedia.de\/?post_type=job&#038;p=2598"},"modified":"2025-08-27T07:35:37","modified_gmt":"2025-08-27T05:35:37","slug":"elektroniker-mechatroniker-m-w-d","status":"publish","type":"job","link":"https:\/\/www.richter-aluminium.com\/fr\/job\/elektroniker-mechatroniker-m-w-d\/","title":{"rendered":"Elektroniker \/ Mechatroniker (m\/w\/d)"},"content":{"rendered":"<p>[et_pb_section fb_built=&#8221;1&#8243; _builder_version=&#8221;4.24.2&#8243; _module_preset=&#8221;default&#8221; custom_margin=&#8221;||||false|false&#8221; global_colors_info=&#8221;{}&#8221;][et_pb_row _builder_version=&#8221;4.24.2&#8243; _module_preset=&#8221;default&#8221; max_width=&#8221;1600px&#8221; global_colors_info=&#8221;{}&#8221;][et_pb_column type=&#8221;4_4&#8243; _builder_version=&#8221;4.24.2&#8243; _module_preset=&#8221;default&#8221; global_colors_info=&#8221;{}&#8221;][et_pb_text _builder_version=&#8221;4.25.1&#8243; _module_preset=&#8221;default&#8221; header_text_color=&#8221;gcid-febf38bc-a54e-4c6e-a664-06eb96b1f360&#8243; custom_margin=&#8221;||0px||false|false&#8221; custom_padding=&#8221;50px||50px||true|false&#8221; custom_padding_tablet=&#8221;&#8221; custom_padding_phone=&#8221;&#8221; custom_padding_last_edited=&#8221;on|tablet&#8221; global_colors_info=&#8221;{%22gcid-febf38bc-a54e-4c6e-a664-06eb96b1f360%22:%91%22header_text_color%22%93}&#8221;]<\/p>\n<h1 style=\"text-align: center;\">Elektroniker \/ Mechatroniker<br \/>\n(m\/w\/d)<\/h1>\n<p>[\/et_pb_text][\/et_pb_column][\/et_pb_row][et_pb_row _builder_version=&#8221;4.27.2&#8243; _module_preset=&#8221;default&#8221; max_width=&#8221;1600px&#8221; global_colors_info=&#8221;{}&#8221;][et_pb_column type=&#8221;4_4&#8243; _builder_version=&#8221;4.27.2&#8243; _module_preset=&#8221;default&#8221; global_colors_info=&#8221;{}&#8221;][et_pb_code _builder_version=&#8221;4.27.2&#8243; _module_preset=&#8221;default&#8221; background_image=&#8221;https:\/\/richteraluminium-19a5a.kxcdn.com\/wp-content\/uploads\/2024\/11\/kopfmedia_richter_aluminium-4510.webp&#8221; background_position=&#8221;top_center&#8221; background_vertical_offset=&#8221;24%&#8221; max_width=&#8221;1600%&#8221; min_height=&#8221;500px&#8221; border_radii=&#8221;on|10px|10px|10px|10px&#8221; global_colors_info=&#8221;{}&#8221;][\/et_pb_code][\/et_pb_column][\/et_pb_row][\/et_pb_section][et_pb_section fb_built=&#8221;1&#8243; _builder_version=&#8221;4.27.2&#8243; _module_preset=&#8221;default&#8221; custom_margin=&#8221;0px||||false|false&#8221; global_colors_info=&#8221;{}&#8221;][et_pb_row column_structure=&#8221;1_2,1_2&#8243; _builder_version=&#8221;4.24.2&#8243; _module_preset=&#8221;default&#8221; max_width=&#8221;1600px&#8221; global_colors_info=&#8221;{}&#8221;][et_pb_column type=&#8221;1_2&#8243; _builder_version=&#8221;4.24.2&#8243; _module_preset=&#8221;default&#8221; global_colors_info=&#8221;{}&#8221;][et_pb_text _builder_version=&#8221;4.24.2&#8243; _module_preset=&#8221;default&#8221; header_2_text_color=&#8221;gcid-febf38bc-a54e-4c6e-a664-06eb96b1f360&#8243; custom_margin=&#8221;||0px||false|false&#8221; global_colors_info=&#8221;{%22gcid-febf38bc-a54e-4c6e-a664-06eb96b1f360%22:%91%22header_2_text_color%22%93}&#8221;]<\/p>\n<h2>Komm in unser Team<\/h2>\n<p>[\/et_pb_text][et_pb_text _builder_version=&#8221;4.24.2&#8243; _module_preset=&#8221;default&#8221; global_colors_info=&#8221;{}&#8221;]<a href=\"\/bewerberplattform\" class=\"arrow-link\">Jetzt bewerben<\/a>[\/et_pb_text][\/et_pb_column][et_pb_column type=&#8221;1_2&#8243; _builder_version=&#8221;4.24.2&#8243; _module_preset=&#8221;default&#8221; global_colors_info=&#8221;{}&#8221;][et_pb_text _builder_version=&#8221;4.24.2&#8243; _module_preset=&#8221;default&#8221; global_colors_info=&#8221;{}&#8221;]<\/p>\n<p>Wir bei Richter Aluminium sind auf der Suche nach engagierten und qualifizierten Mitarbeitern, die unser Team im Bereich der mechanischen Bearbeitung und Strangpresslinie verst\u00e4rken. Wenn Sie eine Leidenschaft f\u00fcr pr\u00e4zise Produktionsarbeit haben und Teil eines dynamischen Teams werden m\u00f6chten, freuen wir uns auf Ihre Bewerbung!<\/p>\n<p>[\/et_pb_text][\/et_pb_column][\/et_pb_row][\/et_pb_section][et_pb_section fb_built=&#8221;1&#8243; _builder_version=&#8221;4.27.2&#8243; _module_preset=&#8221;default&#8221; custom_margin=&#8221;0px||||false|false&#8221; global_colors_info=&#8221;{}&#8221;][et_pb_row _builder_version=&#8221;4.24.2&#8243; _module_preset=&#8221;default&#8221; max_width=&#8221;1600px&#8221; global_colors_info=&#8221;{}&#8221;][et_pb_column type=&#8221;4_4&#8243; _builder_version=&#8221;4.24.2&#8243; _module_preset=&#8221;default&#8221; global_colors_info=&#8221;{}&#8221;][et_pb_text _builder_version=&#8221;4.25.1&#8243; _module_preset=&#8221;default&#8221; header_2_text_color=&#8221;gcid-febf38bc-a54e-4c6e-a664-06eb96b1f360&#8243; custom_margin=&#8221;||0px||false|false&#8221; global_colors_info=&#8221;{%22gcid-febf38bc-a54e-4c6e-a664-06eb96b1f360%22:%91%22header_2_text_color%22%93}&#8221;]<\/p>\n<h2>Ihre Aufgaben <\/h2>\n<p>[\/et_pb_text][\/et_pb_column][\/et_pb_row][et_pb_row _builder_version=&#8221;4.24.2&#8243; _module_preset=&#8221;default&#8221; max_width=&#8221;1600px&#8221; global_colors_info=&#8221;{}&#8221;][et_pb_column type=&#8221;4_4&#8243; _builder_version=&#8221;4.24.2&#8243; _module_preset=&#8221;default&#8221; global_colors_info=&#8221;{}&#8221;][et_pb_code _builder_version=&#8221;4.25.1&#8243; _module_preset=&#8221;default&#8221; custom_margin=&#8221;||||false|false&#8221; global_colors_info=&#8221;{}&#8221;]<\/p>\n<div class=\"badge-container\"><!-- [et_pb_line_break_holder] -->    <\/p>\n<div class=\"badge badge-transparent\"><!-- [et_pb_line_break_holder] -->        <span class=\"km-icon-check\"><\/span><!-- [et_pb_line_break_holder] -->        <span>Instandhaltung, Wartung und Reparatur von Produktionsanlagen, F\u00f6rderanlagen und Transportsystemen, Geb\u00e4udetechnik<\/span><!-- [et_pb_line_break_holder] -->    <\/div>\n<p><!-- [et_pb_line_break_holder] -->    <\/p>\n<div class=\"badge badge-transparent\"><!-- [et_pb_line_break_holder] -->        <span class=\"km-icon-check\"><\/span><!-- [et_pb_line_break_holder] -->        <span>Mitarbeit bei Neuinstallationen von Anlagen und Ger\u00e4ten<\/span><!-- [et_pb_line_break_holder] -->    <\/div>\n<p><!-- [et_pb_line_break_holder] -->    <\/p>\n<div class=\"badge badge-transparent\"><!-- [et_pb_line_break_holder] -->        <span class=\"km-icon-check\"><\/span><!-- [et_pb_line_break_holder] -->        <span>Arbeiten nach Wartungspl\u00e4ne<\/span><!-- [et_pb_line_break_holder] -->    <\/div>\n<p><!-- [et_pb_line_break_holder] -->    <\/p>\n<div class=\"badge badge-transparent\"><!-- [et_pb_line_break_holder] -->        <span class=\"km-icon-check\"><\/span><!-- [et_pb_line_break_holder] -->        <span>Elektrische Instandhaltung von Anlagen und Maschinen<\/span><!-- [et_pb_line_break_holder] -->    <\/div>\n<p><!-- [et_pb_line_break_holder] -->    <\/p>\n<div class=\"badge badge-transparent\"><!-- [et_pb_line_break_holder] -->        <span class=\"km-icon-check\"><\/span><!-- [et_pb_line_break_holder] -->        <span>Behebung von St\u00f6rungen<\/span><!-- [et_pb_line_break_holder] -->    <\/div>\n<p><!-- [et_pb_line_break_holder] -->    <\/p>\n<div class=\"badge badge-transparent\"><!-- [et_pb_line_break_holder] -->        <span class=\"km-icon-check\"><\/span><!-- [et_pb_line_break_holder] -->        <span>Bedarfsermittlung der am Lager vorzuhaltenden Ersatzteile<\/span><!-- [et_pb_line_break_holder] -->    <\/div>\n<p><!-- [et_pb_line_break_holder] -->    <\/p>\n<div class=\"badge badge-transparent\"><!-- [et_pb_line_break_holder] -->        <span class=\"km-icon-check\"><\/span><!-- [et_pb_line_break_holder] -->        <span>Basiswissen in SPS-Systemen, vorwiegend Simatic S7 Step7 \/ TIA-Portal<\/span><!-- [et_pb_line_break_holder] --><\/div>\n<p><!-- [et_pb_line_break_holder] -->[\/et_pb_code][\/et_pb_column][\/et_pb_row][\/et_pb_section][et_pb_section fb_built=&#8221;1&#8243; _builder_version=&#8221;4.27.2&#8243; _module_preset=&#8221;default&#8221; custom_margin=&#8221;0px||||false|false&#8221; global_colors_info=&#8221;{}&#8221;][et_pb_row _builder_version=&#8221;4.24.2&#8243; _module_preset=&#8221;default&#8221; max_width=&#8221;1600px&#8221; global_colors_info=&#8221;{}&#8221;][et_pb_column type=&#8221;4_4&#8243; _builder_version=&#8221;4.24.2&#8243; _module_preset=&#8221;default&#8221; global_colors_info=&#8221;{}&#8221;][et_pb_text _builder_version=&#8221;4.24.2&#8243; _module_preset=&#8221;default&#8221; header_2_text_color=&#8221;gcid-febf38bc-a54e-4c6e-a664-06eb96b1f360&#8243; custom_margin=&#8221;||0px||false|false&#8221; global_colors_info=&#8221;{%22gcid-febf38bc-a54e-4c6e-a664-06eb96b1f360%22:%91%22header_2_text_color%22%93}&#8221;]<\/p>\n<h2>Ihr Profil<\/h2>\n<p>[\/et_pb_text][\/et_pb_column][\/et_pb_row][et_pb_row _builder_version=&#8221;4.24.2&#8243; _module_preset=&#8221;default&#8221; max_width=&#8221;1600px&#8221; global_colors_info=&#8221;{}&#8221;][et_pb_column type=&#8221;4_4&#8243; _builder_version=&#8221;4.24.2&#8243; _module_preset=&#8221;default&#8221; global_colors_info=&#8221;{}&#8221;][et_pb_code _builder_version=&#8221;4.25.1&#8243; _module_preset=&#8221;default&#8221; custom_margin=&#8221;||||false|false&#8221; global_colors_info=&#8221;{}&#8221;]<\/p>\n<div class=\"badge-container\"><!-- [et_pb_line_break_holder] -->    <\/p>\n<div class=\"badge badge-transparent\"><!-- [et_pb_line_break_holder] -->        <span class=\"km-icon-check\"><\/span><!-- [et_pb_line_break_holder] -->        <span>Abgeschlossene Berufsausbildung zum Elektroniker, Mechatroniker (m\/w\/d) oder eine vergleichbare Qualifikation<\/span><!-- [et_pb_line_break_holder] -->    <\/div>\n<p><!-- [et_pb_line_break_holder] -->    <\/p>\n<div class=\"badge badge-transparent\"><!-- [et_pb_line_break_holder] -->        <span class=\"km-icon-check\"><\/span><!-- [et_pb_line_break_holder] -->        <span>Mindestens 3 Jahre relevante Berufserfahrung (Instandhaltung oder Maschinenbau)<\/span><!-- [et_pb_line_break_holder] -->    <\/div>\n<p><!-- [et_pb_line_break_holder] -->    <\/p>\n<div class=\"badge badge-transparent\"><!-- [et_pb_line_break_holder] -->        <span class=\"km-icon-check\"><\/span><!-- [et_pb_line_break_holder] -->        <span>Sorgf\u00e4ltige, selbstst\u00e4ndige, detailgenaue und organisierte Arbeitsweise<\/span><!-- [et_pb_line_break_holder] -->    <\/div>\n<p><!-- [et_pb_line_break_holder] -->    <\/p>\n<div class=\"badge badge-transparent\"><!-- [et_pb_line_break_holder] -->        <span class=\"km-icon-check\"><\/span><!-- [et_pb_line_break_holder] -->        <span>Bereitschaft zum 2-3 Schichtbetrieb und zur Rufbereitschaft<\/span><!-- [et_pb_line_break_holder] -->    <\/div>\n<p><!-- [et_pb_line_break_holder] -->    <\/p>\n<div class=\"badge badge-transparent\"><!-- [et_pb_line_break_holder] -->        <span class=\"km-icon-check\"><\/span><!-- [et_pb_line_break_holder] -->        <span>Zuverl\u00e4ssigkeit, Flexibilit\u00e4t, Anpassungs- und Teamf\u00e4higkeit<\/span><!-- [et_pb_line_break_holder] --><\/div>\n<p><!-- [et_pb_line_break_holder] -->[\/et_pb_code][\/et_pb_column][\/et_pb_row][\/et_pb_section][et_pb_section fb_built=&#8221;1&#8243; _builder_version=&#8221;4.27.2&#8243; _module_preset=&#8221;default&#8221; custom_margin=&#8221;0px||||false|false&#8221; global_colors_info=&#8221;{}&#8221;][et_pb_row _builder_version=&#8221;4.24.2&#8243; _module_preset=&#8221;default&#8221; max_width=&#8221;1600px&#8221; global_colors_info=&#8221;{}&#8221;][et_pb_column type=&#8221;4_4&#8243; _builder_version=&#8221;4.24.2&#8243; _module_preset=&#8221;default&#8221; global_colors_info=&#8221;{}&#8221;][et_pb_text _builder_version=&#8221;4.24.2&#8243; _module_preset=&#8221;default&#8221; header_2_text_color=&#8221;gcid-febf38bc-a54e-4c6e-a664-06eb96b1f360&#8243; custom_margin=&#8221;||0px||false|false&#8221; global_colors_info=&#8221;{%22gcid-febf38bc-a54e-4c6e-a664-06eb96b1f360%22:%91%22header_2_text_color%22%93}&#8221;]<\/p>\n<h2>Wir bieten Dir<\/h2>\n<p>[\/et_pb_text][\/et_pb_column][\/et_pb_row][et_pb_row _builder_version=&#8221;4.24.2&#8243; _module_preset=&#8221;default&#8221; max_width=&#8221;1600px&#8221; global_colors_info=&#8221;{}&#8221;][et_pb_column type=&#8221;4_4&#8243; _builder_version=&#8221;4.24.2&#8243; _module_preset=&#8221;default&#8221; global_colors_info=&#8221;{}&#8221;][et_pb_code _builder_version=&#8221;4.25.1&#8243; _module_preset=&#8221;default&#8221; custom_margin=&#8221;||||false|false&#8221; global_colors_info=&#8221;{}&#8221;]<\/p>\n<div class=\"badge-container\"><!-- [et_pb_line_break_holder] --><\/p>\n<div class=\"badge badge-transparent\"><span class=\"km-icon-check\"><\/span>Job Rad<\/div>\n<p><!-- [et_pb_line_break_holder] --><\/p>\n<div class=\"badge badge-transparent\"><span class=\"km-icon-check\"><\/span>Sozialtage<\/div>\n<p><!-- [et_pb_line_break_holder] --><\/p>\n<div class=\"badge badge-transparent\"><span class=\"km-icon-check\"><\/span>Gesundheitsmanagement<\/div>\n<p><!-- [et_pb_line_break_holder] --><\/p>\n<div class=\"badge badge-transparent\"><span class=\"km-icon-check\"><\/span>Karrierechancen in einem innovativen Top-Unternehmen der Aluminium-Industrie<\/div>\n<p><!-- [et_pb_line_break_holder] --><\/p>\n<div class=\"badge badge-transparent\"><span class=\"km-icon-check\"><\/span>Arbeiten in einem motivierten Team<\/div>\n<p><!-- [et_pb_line_break_holder] --><\/p>\n<div class=\"badge badge-transparent\"><span class=\"km-icon-check\"><\/span>Mitarbeiterveranstaltungen<\/div>\n<p><!-- [et_pb_line_break_holder] --><\/div>\n<p><!-- [et_pb_line_break_holder] -->[\/et_pb_code][\/et_pb_column][\/et_pb_row][\/et_pb_section][et_pb_section fb_built=&#8221;1&#8243; _builder_version=&#8221;4.24.0&#8243; _module_preset=&#8221;default&#8221; global_colors_info=&#8221;{}&#8221;][et_pb_row column_structure=&#8221;1_2,1_2&#8243; _builder_version=&#8221;4.24.2&#8243; _module_preset=&#8221;default&#8221; background_color=&#8221;gcid-febf38bc-a54e-4c6e-a664-06eb96b1f360&#8243; max_width=&#8221;1600px&#8221; custom_padding=&#8221;100px|50px|100px|50px|true|true&#8221; border_radii=&#8221;on|10px|10px|10px|10px&#8221; global_colors_info=&#8221;{%22gcid-febf38bc-a54e-4c6e-a664-06eb96b1f360%22:%91%22background_color%22%93}&#8221;][et_pb_column type=&#8221;1_2&#8243; _builder_version=&#8221;4.24.0&#8243; _module_preset=&#8221;default&#8221; custom_css_main_element=&#8221;margin:auto;&#8221; global_colors_info=&#8221;{}&#8221;][et_pb_text _builder_version=&#8221;4.24.2&#8243; _module_preset=&#8221;default&#8221; header_2_text_color=&#8221;#FFFFFF&#8221; custom_margin=&#8221;||20px||false|false&#8221; global_colors_info=&#8221;{}&#8221;]<\/p>\n<h2>Bewirb dich jetzt auf<br \/>diesen Beruf<\/h2>\n<p>[\/et_pb_text][et_pb_text _builder_version=&#8221;4.24.2&#8243; _module_preset=&#8221;default&#8221; header_3_text_color=&#8221;#FFFFFF&#8221; custom_margin_tablet=&#8221;||30px||false|false&#8221; custom_margin_phone=&#8221;&#8221; custom_margin_last_edited=&#8221;on|tablet&#8221; global_colors_info=&#8221;{}&#8221;]<\/p>\n<h3 class=\"km-icon-richter-aluminium-logo-mono\"><\/h3>\n<p>[\/et_pb_text][\/et_pb_column][et_pb_column type=&#8221;1_2&#8243; _builder_version=&#8221;4.24.0&#8243; _module_preset=&#8221;default&#8221; custom_css_main_element=&#8221;margin:auto;&#8221; global_colors_info=&#8221;{}&#8221;][et_pb_text _builder_version=&#8221;4.24.2&#8243; _module_preset=&#8221;default&#8221; text_text_color=&#8221;#FFFFFF&#8221; global_colors_info=&#8221;{}&#8221;]<\/p>\n<p>Bewirb dich jetzt mit wenigen Schritten \u00fcber unsere hauseigene Bewerbungsplattform f\u00fcr eine Stelle oder einen Ausbildungsberuf.<br \/>Fall du Fragen hast, kannst du uns gerne per Mail oder telefonisch erreichen.<\/p>\n<p>[\/et_pb_text][et_pb_text _builder_version=&#8221;4.27.2&#8243; _module_preset=&#8221;default&#8221; link_text_color=&#8221;#FFFFFF&#8221; hover_enabled=&#8221;0&#8243; global_colors_info=&#8221;{}&#8221; sticky_enabled=&#8221;0&#8243;]<br \/>\n<a href=\"\/bewerbungsplattform\/?offer=2598&#038;type=Stellenangebot\" class=\"arrow-link ra-navigation-link white-bg\"><br \/>\n<span style=\"color:#008BD2;\">Jetzt bewerben<\/span><br \/>\n<span class=\"km-icon-arrow-small-right\" stlye=\"color:#008BD2;\"><\/span><br \/>\n<\/a>[\/et_pb_text][\/et_pb_column][\/et_pb_row][\/et_pb_section][et_pb_section fb_built=&#8221;1&#8243; _builder_version=&#8221;4.27.2&#8243; _module_preset=&#8221;default&#8221; custom_margin=&#8221;40px||||false|false&#8221; global_module=&#8221;1865&#8243; saved_tabs=&#8221;all&#8221; global_colors_info=&#8221;{}&#8221;][et_pb_row column_structure=&#8221;1_2,1_2&#8243; make_equal=&#8221;on&#8221; _builder_version=&#8221;4.24.2&#8243; _module_preset=&#8221;default&#8221; max_width=&#8221;1600px&#8221; global_colors_info=&#8221;{}&#8221;][et_pb_column type=&#8221;1_2&#8243; _builder_version=&#8221;4.24.2&#8243; _module_preset=&#8221;default&#8221; custom_css_main_element=&#8221;margin:auto;&#8221; global_colors_info=&#8221;{}&#8221;][et_pb_text _builder_version=&#8221;4.25.1&#8243; _module_preset=&#8221;default&#8221; header_2_text_color=&#8221;gcid-febf38bc-a54e-4c6e-a664-06eb96b1f360&#8243; custom_margin=&#8221;||0px||false|false&#8221; global_colors_info=&#8221;{%22gcid-febf38bc-a54e-4c6e-a664-06eb96b1f360%22:%91%22header_2_text_color%22%93}&#8221;]<\/p>\n<h2>Weitere Fragen?<br \/>Wir sind f\u00fcr Sie da.<\/h2>\n<p>[\/et_pb_text][\/et_pb_column][et_pb_column type=&#8221;1_2&#8243; _builder_version=&#8221;4.24.2&#8243; _module_preset=&#8221;default&#8221; custom_css_main_element=&#8221;margin:auto;&#8221; global_colors_info=&#8221;{}&#8221;][et_pb_code _builder_version=&#8221;4.27.2&#8243; _module_preset=&#8221;default&#8221; custom_margin=&#8221;||||false|false&#8221; global_colors_info=&#8221;{}&#8221;]<div id=\"vue-wordpress-app-f2c13b70-d0cd-4afc-9e60-48cfba834cd9\" data-app-url=\"https:\/\/www.richter-aluminium.com\" data-fcaptcha-sitekey=\"FCMHA65IB58DAAL4\" data-lang=\"fr\" data-component=\"contact-section\" data-contactsection=\"{&quot;categories&quot;:[&quot;hr&quot;]}\"><\/div>[\/et_pb_code][\/et_pb_column][\/et_pb_row][\/et_pb_section]<\/p>\n","protected":false},"featured_media":0,"template":"","meta":{"_acf_changed":false,"_et_pb_use_builder":"on","_et_pb_old_content":"","_et_gb_content_width":"1080","inline_featured_image":false,"footnotes":""},"job_offer_type":[20],"class_list":["post-2598","job","type-job","status-publish","hentry","job_offer_type-stellenangebot"],"acf":[],"tag_names":[],"category_names":[],"thumbnail":false,"job_start":"Ab sofort","job_location":"Schutterwald","_links":{"self":[{"href":"https:\/\/www.richter-aluminium.com\/fr\/wp-json\/wp\/v2\/job\/2598","targetHints":{"allow":["GET"]}}],"collection":[{"href":"https:\/\/www.richter-aluminium.com\/fr\/wp-json\/wp\/v2\/job"}],"about":[{"href":"https:\/\/www.richter-aluminium.com\/fr\/wp-json\/wp\/v2\/types\/job"}],"version-history":[{"count":9,"href":"https:\/\/www.richter-aluminium.com\/fr\/wp-json\/wp\/v2\/job\/2598\/revisions"}],"predecessor-version":[{"id":3384,"href":"https:\/\/www.richter-aluminium.com\/fr\/wp-json\/wp\/v2\/job\/2598\/revisions\/3384"}],"wp:attachment":[{"href":"https:\/\/www.richter-aluminium.com\/fr\/wp-json\/wp\/v2\/media?parent=2598"}],"wp:term":[{"taxonomy":"job_offer_type","embeddable":true,"href":"https:\/\/www.richter-aluminium.com\/fr\/wp-json\/wp\/v2\/job_offer_type?post=2598"}],"curies":[{"name":"wp","href":"https:\/\/api.w.org\/{rel}","templated":true}]}}